{"id":48432,"date":"2025-05-07T08:32:27","date_gmt":"2025-05-07T06:32:27","guid":{"rendered":"https:\/\/hyllancompany.com\/?post_type=product&#038;p=48432"},"modified":"2025-05-07T08:33:59","modified_gmt":"2025-05-07T06:33:59","slug":"gel-de-douche-eclaircissant-juan-300-ml","status":"publish","type":"product","link":"https:\/\/hyllancompany.com\/index.php\/produit\/gel-de-douche-eclaircissant-juan-300-ml\/","title":{"rendered":"Gel de Douche \u00c9claircissant Juan \u2013 300 ml"},"content":{"rendered":"<p class=\"\" data-start=\"158\" data-end=\"558\">Offrez \u00e0 votre peau un moment de fra\u00eecheur et de soin avec le <strong data-start=\"240\" data-end=\"276\">Gel de Douche \u00c9claircissant Juan<\/strong>. Enrichi en <strong data-start=\"289\" data-end=\"313\">extrait de busserole<\/strong> et en <strong data-start=\"320\" data-end=\"337\">acide kojique<\/strong>, il aide \u00e0 <strong data-start=\"349\" data-end=\"369\">unifier le teint<\/strong>, \u00e0 <strong data-start=\"373\" data-end=\"409\">\u00e9liminer les taches pigmentaires<\/strong> et \u00e0 <strong data-start=\"415\" data-end=\"444\">apporter un \u00e9clat naturel<\/strong> \u00e0 la peau. Sa mousse onctueuse et son <strong data-start=\"483\" data-end=\"504\">parfum revigorant<\/strong> vous plongent au c\u0153ur de la nature d\u00e8s chaque douche.<\/p>\n<p class=\"\" data-start=\"560\" data-end=\"773\">Sa formule contient \u00e9galement des <strong data-start=\"594\" data-end=\"621\">agents s\u00e9bo-r\u00e9gulateurs<\/strong>, de la <strong data-start=\"629\" data-end=\"644\">vitamine B5<\/strong> et de <strong data-start=\"651\" data-end=\"671\">l\u2019huile d\u2019avocat<\/strong>, pour nettoyer sans agresser, tout en nourrissant et en <strong data-start=\"728\" data-end=\"772\">r\u00e9\u00e9quilibrant les peaux mixtes \u00e0 grasses<\/strong>.<\/p>\n<p class=\"\" data-start=\"775\" data-end=\"799\"><strong data-start=\"775\" data-end=\"797\">Caract\u00e9ristiques :<\/strong><\/p>\n<ul data-start=\"800\" data-end=\"1030\">\n<li class=\"\" data-start=\"800\" data-end=\"849\">\n<p class=\"\" data-start=\"802\" data-end=\"849\">Aide \u00e0 <strong data-start=\"809\" data-end=\"831\">\u00e9claircir le teint<\/strong> progressivement<\/p>\n<\/li>\n<li class=\"\" data-start=\"850\" data-end=\"905\">\n<p class=\"\" data-start=\"852\" data-end=\"905\"><strong data-start=\"852\" data-end=\"903\">R\u00e9gule les s\u00e9cr\u00e9tions s\u00e9borrh\u00e9es et sudoripares<\/strong><\/p>\n<\/li>\n<li class=\"\" data-start=\"906\" data-end=\"945\">\n<p class=\"\" data-start=\"908\" data-end=\"945\">\u00c9limine les <strong data-start=\"920\" data-end=\"943\">taches pigmentaires<\/strong><\/p>\n<\/li>\n<li class=\"\" data-start=\"946\" data-end=\"988\">\n<p class=\"\" data-start=\"948\" data-end=\"988\"><strong data-start=\"948\" data-end=\"976\">Apporte \u00e9clat et douceur<\/strong> \u00e0 la peau<\/p>\n<\/li>\n<li class=\"\" data-start=\"989\" data-end=\"1030\">\n<p class=\"\" data-start=\"991\" data-end=\"1030\">Convient pour le <strong data-start=\"1008\" data-end=\"1030\">visage et le corps<\/strong><\/p>\n<\/li>\n<\/ul>\n<p class=\"\" data-start=\"1032\" data-end=\"1244\"><strong data-start=\"1032\" data-end=\"1060\">Composition principale :<\/strong><br data-start=\"1060\" data-end=\"1063\" \/>Eau, huile d\u2019avocat, huile de palme, surfactant doux, alcool c\u00e9tylique, acide kojique, extrait de busserole, vitamine B5, tocoph\u00e9rol (vitamine E), g\u00e9raniol, s\u00e9bo-r\u00e9gulateur, parfum.<\/p>\n<p class=\"\" data-start=\"1246\" data-end=\"1399\"><strong data-start=\"1246\" data-end=\"1265\">Mode d\u2019emploi :<\/strong><br data-start=\"1265\" data-end=\"1268\" \/>Appliquer sur peau mouill\u00e9e, faire mousser sur le corps et le visage, puis rincer abondamment. <strong data-start=\"1363\" data-end=\"1399\">\u00c9viter le contact avec les yeux.<\/strong><\/p>\n","protected":false},"excerpt":{"rendered":"<p>Offrez \u00e0 votre peau un moment de fra\u00eecheur et de soin avec le Gel de Douche \u00c9claircissant Juan. Enrichi en extrait de busserole et en acide kojique, il aide \u00e0 unifier le teint, \u00e0 \u00e9liminer les taches pigmentaires et \u00e0 apporter un \u00e9clat naturel \u00e0 la peau. Sa mousse onctueuse et son parfum revigorant vous [&hellip;]<\/p>\n","protected":false},"featured_media":48433,"comment_status":"open","ping_status":"closed","template":"","meta":[],"product_brand":[168],"product_cat":[150,160],"product_tag":[],"class_list":{"0":"post-48432","1":"product","2":"type-product","3":"status-publish","4":"has-post-thumbnail","6":"product_brand-douche","7":"product_cat-arrivage","8":"product_cat-produits-corporels","11":"first","12":"instock","13":"shipping-taxable","14":"purchasable","15":"product-type-simple"},"_links":{"self":[{"href":"https:\/\/hyllancompany.com\/index.php\/wp-json\/wp\/v2\/product\/48432","targetHints":{"allow":["GET"]}}],"collection":[{"href":"https:\/\/hyllancompany.com\/index.php\/wp-json\/wp\/v2\/product"}],"about":[{"href":"https:\/\/hyllancompany.com\/index.php\/wp-json\/wp\/v2\/types\/product"}],"replies":[{"embeddable":true,"href":"https:\/\/hyllancompany.com\/index.php\/wp-json\/wp\/v2\/comments?post=48432"}],"version-history":[{"count":1,"href":"https:\/\/hyllancompany.com\/index.php\/wp-json\/wp\/v2\/product\/48432\/revisions"}],"predecessor-version":[{"id":48434,"href":"https:\/\/hyllancompany.com\/index.php\/wp-json\/wp\/v2\/product\/48432\/revisions\/48434"}],"wp:featuredmedia":[{"embeddable":true,"href":"https:\/\/hyllancompany.com\/index.php\/wp-json\/wp\/v2\/media\/48433"}],"wp:attachment":[{"href":"https:\/\/hyllancompany.com\/index.php\/wp-json\/wp\/v2\/media?parent=48432"}],"wp:term":[{"taxonomy":"product_brand","embeddable":true,"href":"https:\/\/hyllancompany.com\/index.php\/wp-json\/wp\/v2\/product_brand?post=48432"},{"taxonomy":"product_cat","embeddable":true,"href":"https:\/\/hyllancompany.com\/index.php\/wp-json\/wp\/v2\/product_cat?post=48432"},{"taxonomy":"product_tag","embeddable":true,"href":"https:\/\/hyllancompany.com\/index.php\/wp-json\/wp\/v2\/product_tag?post=48432"}],"curies":[{"name":"wp","href":"https:\/\/api.w.org\/{rel}","templated":true}]}}