{"id":48435,"date":"2025-05-07T08:38:28","date_gmt":"2025-05-07T06:38:28","guid":{"rendered":"https:\/\/hyllancompany.com\/?post_type=product&#038;p=48435"},"modified":"2025-05-07T08:38:28","modified_gmt":"2025-05-07T06:38:28","slug":"lotion-eclaircissante-juan-a-la-verveine-60-ml","status":"publish","type":"product","link":"https:\/\/hyllancompany.com\/index.php\/produit\/lotion-eclaircissante-juan-a-la-verveine-60-ml\/","title":{"rendered":"Lotion \u00c9claircissante Juan \u00e0 la Verveine \u2013 60 ml"},"content":{"rendered":"<p class=\"\" data-start=\"178\" data-end=\"724\">La <strong data-start=\"201\" data-end=\"245\">Lotion \u00c9claircissante Juan \u00e0 la Verveine<\/strong> est un soin visage et corps con\u00e7u pour r\u00e9v\u00e9ler l\u2019\u00e9clat naturel de votre peau. Formul\u00e9e \u00e0 base d\u2019<strong data-start=\"342\" data-end=\"373\">extraits v\u00e9g\u00e9taux puissants<\/strong> \u2014 verveine, busserole et persil \u2014 elle agit efficacement sur les <strong data-start=\"439\" data-end=\"465\">d\u00e9sordres pigmentaires<\/strong>, les <strong data-start=\"471\" data-end=\"488\">taches brunes<\/strong> et les <strong data-start=\"496\" data-end=\"522\">imperfections cutan\u00e9es<\/strong>.<br data-start=\"523\" data-end=\"526\" \/>Gr\u00e2ce \u00e0 sa richesse en agents photo-protecteurs et en actifs \u00e9claircissants naturels, elle <strong data-start=\"617\" data-end=\"636\">unifie le teint<\/strong>, <strong data-start=\"638\" data-end=\"659\">raffermit la peau<\/strong> et <strong data-start=\"663\" data-end=\"723\">att\u00e9nue visiblement les cicatrices d\u2019acn\u00e9 et les boutons<\/strong>.<\/p>\n<p class=\"\" data-start=\"726\" data-end=\"750\"><strong data-start=\"726\" data-end=\"748\">Caract\u00e9ristiques :<\/strong><\/p>\n<ul data-start=\"751\" data-end=\"998\">\n<li class=\"\" data-start=\"751\" data-end=\"829\">\n<p class=\"\" data-start=\"753\" data-end=\"829\"><strong data-start=\"753\" data-end=\"763\">R\u00e9pare<\/strong> les troubles pigmentaires (taches, hyperpigmentation localis\u00e9e)<\/p>\n<\/li>\n<li class=\"\" data-start=\"830\" data-end=\"876\">\n<p class=\"\" data-start=\"832\" data-end=\"876\"><strong data-start=\"832\" data-end=\"845\">\u00c9claircit<\/strong> le teint de mani\u00e8re uniforme<\/p>\n<\/li>\n<li class=\"\" data-start=\"877\" data-end=\"915\">\n<p class=\"\" data-start=\"879\" data-end=\"915\"><strong data-start=\"879\" data-end=\"888\">Lisse<\/strong> et <strong data-start=\"892\" data-end=\"905\">raffermit<\/strong> la peau<\/p>\n<\/li>\n<li class=\"\" data-start=\"916\" data-end=\"961\">\n<p class=\"\" data-start=\"918\" data-end=\"961\">Aide \u00e0 att\u00e9nuer les <strong data-start=\"938\" data-end=\"959\">cicatrices d\u2019acn\u00e9<\/strong><\/p>\n<\/li>\n<li class=\"\" data-start=\"962\" data-end=\"998\">\n<p class=\"\" data-start=\"964\" data-end=\"998\">Convient au <strong data-start=\"976\" data-end=\"998\">visage et au corps<\/strong><\/p>\n<\/li>\n<\/ul>\n<p class=\"\" data-start=\"1000\" data-end=\"1122\"><strong data-start=\"1000\" data-end=\"1024\">Composition active :<\/strong><br data-start=\"1024\" data-end=\"1027\" \/>Extrait de verveine, extrait de busserole, extrait de persil, agent photo-protecteur organique.<\/p>\n<p class=\"\" data-start=\"1124\" data-end=\"1328\"><strong data-start=\"1124\" data-end=\"1143\">Mode d\u2019emploi :<\/strong><br data-start=\"1143\" data-end=\"1146\" \/>Appliquer \u00e0 l\u2019aide d\u2019un coton matin et soir, sur une peau propre, apr\u00e8s votre toilette.<br data-start=\"1233\" data-end=\"1236\" \/>Peut \u00e9galement \u00eatre <strong data-start=\"1256\" data-end=\"1294\">dilu\u00e9e dans votre lait de toilette<\/strong> pour un soin quotidien plus doux.<\/p>\n<p class=\"\" data-start=\"1330\" data-end=\"1353\"><strong data-start=\"1330\" data-end=\"1351\">Recommand\u00e9 pour :<\/strong><\/p>\n<ul data-start=\"1354\" data-end=\"1561\">\n<li class=\"\" data-start=\"1354\" data-end=\"1413\">\n<p class=\"\" data-start=\"1356\" data-end=\"1413\"><strong data-start=\"1356\" data-end=\"1387\">Hyperpigmentation localis\u00e9e<\/strong> (pieds, dos des doigts)<\/p>\n<\/li>\n<li class=\"\" data-start=\"1414\" data-end=\"1470\">\n<p class=\"\" data-start=\"1416\" data-end=\"1470\"><strong data-start=\"1416\" data-end=\"1468\">Hyperpigmentation li\u00e9e \u00e0 la photosensibilisation<\/strong><\/p>\n<\/li>\n<li class=\"\" data-start=\"1471\" data-end=\"1522\">\n<p class=\"\" data-start=\"1473\" data-end=\"1522\"><strong data-start=\"1473\" data-end=\"1498\">Effet lifting naturel<\/strong> du visage et du corps<\/p>\n<\/li>\n<li class=\"\" data-start=\"1523\" data-end=\"1561\">\n<p class=\"\" data-start=\"1525\" data-end=\"1561\"><strong data-start=\"1525\" data-end=\"1552\">\u00c9claircissement intense<\/strong> du teint<\/p>\n<\/li>\n<\/ul>\n","protected":false},"excerpt":{"rendered":"<p>La Lotion \u00c9claircissante Juan \u00e0 la Verveine est un soin visage et corps con\u00e7u pour r\u00e9v\u00e9ler l\u2019\u00e9clat naturel de votre peau. Formul\u00e9e \u00e0 base d\u2019extraits v\u00e9g\u00e9taux puissants \u2014 verveine, busserole et persil \u2014 elle agit efficacement sur les d\u00e9sordres pigmentaires, les taches brunes et les imperfections cutan\u00e9es.Gr\u00e2ce \u00e0 sa richesse en agents photo-protecteurs et en [&hellip;]<\/p>\n","protected":false},"featured_media":48436,"comment_status":"open","ping_status":"closed","template":"","meta":[],"product_brand":[169],"product_cat":[150,160],"product_tag":[],"class_list":{"0":"post-48435","1":"product","2":"type-product","3":"status-publish","4":"has-post-thumbnail","6":"product_brand-soins-des-pieds","7":"product_cat-arrivage","8":"product_cat-produits-corporels","11":"first","12":"instock","13":"shipping-taxable","14":"purchasable","15":"product-type-simple"},"_links":{"self":[{"href":"https:\/\/hyllancompany.com\/index.php\/wp-json\/wp\/v2\/product\/48435","targetHints":{"allow":["GET"]}}],"collection":[{"href":"https:\/\/hyllancompany.com\/index.php\/wp-json\/wp\/v2\/product"}],"about":[{"href":"https:\/\/hyllancompany.com\/index.php\/wp-json\/wp\/v2\/types\/product"}],"replies":[{"embeddable":true,"href":"https:\/\/hyllancompany.com\/index.php\/wp-json\/wp\/v2\/comments?post=48435"}],"version-history":[{"count":1,"href":"https:\/\/hyllancompany.com\/index.php\/wp-json\/wp\/v2\/product\/48435\/revisions"}],"predecessor-version":[{"id":48437,"href":"https:\/\/hyllancompany.com\/index.php\/wp-json\/wp\/v2\/product\/48435\/revisions\/48437"}],"wp:featuredmedia":[{"embeddable":true,"href":"https:\/\/hyllancompany.com\/index.php\/wp-json\/wp\/v2\/media\/48436"}],"wp:attachment":[{"href":"https:\/\/hyllancompany.com\/index.php\/wp-json\/wp\/v2\/media?parent=48435"}],"wp:term":[{"taxonomy":"product_brand","embeddable":true,"href":"https:\/\/hyllancompany.com\/index.php\/wp-json\/wp\/v2\/product_brand?post=48435"},{"taxonomy":"product_cat","embeddable":true,"href":"https:\/\/hyllancompany.com\/index.php\/wp-json\/wp\/v2\/product_cat?post=48435"},{"taxonomy":"product_tag","embeddable":true,"href":"https:\/\/hyllancompany.com\/index.php\/wp-json\/wp\/v2\/product_tag?post=48435"}],"curies":[{"name":"wp","href":"https:\/\/api.w.org\/{rel}","templated":true}]}}