{"id":48493,"date":"2025-05-07T10:32:08","date_gmt":"2025-05-07T08:32:08","guid":{"rendered":"https:\/\/hyllancompany.com\/?post_type=product&#038;p=48493"},"modified":"2025-05-07T10:33:30","modified_gmt":"2025-05-07T08:33:30","slug":"creme-de-cheveux-juan-300-ml","status":"publish","type":"product","link":"https:\/\/hyllancompany.com\/index.php\/produit\/creme-de-cheveux-juan-300-ml\/","title":{"rendered":"Cr\u00e8me de Cheveux Juan \u2013 300 ml"},"content":{"rendered":"<h3 class=\"\" data-start=\"91\" data-end=\"129\"><strong data-start=\"95\" data-end=\"129\">Cr\u00e8me de Cheveux Juan \u2013 300 ml<\/strong><\/h3>\n<p class=\"\" data-start=\"131\" data-end=\"592\"><strong data-start=\"131\" data-end=\"148\">Description :<\/strong><br data-start=\"148\" data-end=\"151\" \/>La <strong data-start=\"154\" data-end=\"179\">Cr\u00e8me de Cheveux Juan<\/strong> est un soin capillaire complet, formul\u00e9 \u00e0 base de <strong data-start=\"230\" data-end=\"268\">plantes m\u00e9dicinales et aromatiques<\/strong> r\u00e9put\u00e9es pour leurs vertus r\u00e9paratrices et stimulantes. Gr\u00e2ce \u00e0 sa richesse en <strong data-start=\"348\" data-end=\"409\">ail, oignon, anis vert, hibiscus, origan, thym et lavande<\/strong>, elle <strong data-start=\"416\" data-end=\"448\">active la pousse des cheveux<\/strong>, <strong data-start=\"450\" data-end=\"491\">r\u00e9pare les fibres capillaires ab\u00eem\u00e9es<\/strong> et facilite le <strong data-start=\"507\" data-end=\"519\">d\u00e9m\u00ealage<\/strong>, tout en redonnant <strong data-start=\"539\" data-end=\"573\">vitalit\u00e9, brillance et douceur<\/strong> \u00e0 votre chevelure.<\/p>\n<p class=\"\" data-start=\"594\" data-end=\"618\"><strong data-start=\"594\" data-end=\"616\">Caract\u00e9ristiques :<\/strong><\/p>\n<ul data-start=\"619\" data-end=\"858\">\n<li class=\"\" data-start=\"619\" data-end=\"656\">\n<p class=\"\" data-start=\"621\" data-end=\"656\">Stimule <strong data-start=\"629\" data-end=\"654\">la pousse des cheveux<\/strong><\/p>\n<\/li>\n<li class=\"\" data-start=\"657\" data-end=\"702\">\n<p class=\"\" data-start=\"659\" data-end=\"702\"><strong data-start=\"659\" data-end=\"669\">Traite<\/strong> les cheveux cassants et ab\u00eem\u00e9s<\/p>\n<\/li>\n<li class=\"\" data-start=\"703\" data-end=\"742\">\n<p class=\"\" data-start=\"705\" data-end=\"742\"><strong data-start=\"705\" data-end=\"720\">Reconstruit<\/strong> la fibre capillaire<\/p>\n<\/li>\n<li class=\"\" data-start=\"743\" data-end=\"771\">\n<p class=\"\" data-start=\"745\" data-end=\"771\">Facilite le <strong data-start=\"757\" data-end=\"769\">d\u00e9m\u00ealage<\/strong><\/p>\n<\/li>\n<li class=\"\" data-start=\"772\" data-end=\"823\">\n<p class=\"\" data-start=\"774\" data-end=\"823\">Formule naturelle \u00e0 base de <strong data-start=\"802\" data-end=\"821\">plantes actives<\/strong><\/p>\n<\/li>\n<li class=\"\" data-start=\"824\" data-end=\"858\">\n<p class=\"\" data-start=\"826\" data-end=\"858\">Convient \u00e0 tous types de cheveux<\/p>\n<\/li>\n<\/ul>\n<p class=\"\" data-start=\"860\" data-end=\"943\"><strong data-start=\"860\" data-end=\"884\">Composition active :<\/strong><br data-start=\"884\" data-end=\"887\" \/>Ail, oignon, anis vert, hibiscus, origan, thym, lavande.<\/p>\n<p class=\"\" data-start=\"945\" data-end=\"1165\"><strong data-start=\"945\" data-end=\"964\">Mode d\u2019emploi :<\/strong><br data-start=\"964\" data-end=\"967\" \/>Appliquer une noisette de cr\u00e8me sur cheveux propres et humides, en insistant sur les longueurs et les pointes. Ne pas rincer. Utilisation quotidienne ou apr\u00e8s chaque lavage pour un r\u00e9sultat optimal.<\/p>\n","protected":false},"excerpt":{"rendered":"<p>Cr\u00e8me de Cheveux Juan \u2013 300 ml Description :La Cr\u00e8me de Cheveux Juan est un soin capillaire complet, formul\u00e9 \u00e0 base de plantes m\u00e9dicinales et aromatiques r\u00e9put\u00e9es pour leurs vertus r\u00e9paratrices et stimulantes. Gr\u00e2ce \u00e0 sa richesse en ail, oignon, anis vert, hibiscus, origan, thym et lavande, elle active la pousse des cheveux, r\u00e9pare les [&hellip;]<\/p>\n","protected":false},"featured_media":48494,"comment_status":"open","ping_status":"closed","template":"","meta":[],"product_brand":[],"product_cat":[150,166],"product_tag":[],"class_list":{"0":"post-48493","1":"product","2":"type-product","3":"status-publish","4":"has-post-thumbnail","6":"product_cat-arrivage","7":"product_cat-soin-capillaire","10":"first","11":"instock","12":"shipping-taxable","13":"purchasable","14":"product-type-simple"},"_links":{"self":[{"href":"https:\/\/hyllancompany.com\/index.php\/wp-json\/wp\/v2\/product\/48493","targetHints":{"allow":["GET"]}}],"collection":[{"href":"https:\/\/hyllancompany.com\/index.php\/wp-json\/wp\/v2\/product"}],"about":[{"href":"https:\/\/hyllancompany.com\/index.php\/wp-json\/wp\/v2\/types\/product"}],"replies":[{"embeddable":true,"href":"https:\/\/hyllancompany.com\/index.php\/wp-json\/wp\/v2\/comments?post=48493"}],"version-history":[{"count":1,"href":"https:\/\/hyllancompany.com\/index.php\/wp-json\/wp\/v2\/product\/48493\/revisions"}],"predecessor-version":[{"id":48495,"href":"https:\/\/hyllancompany.com\/index.php\/wp-json\/wp\/v2\/product\/48493\/revisions\/48495"}],"wp:featuredmedia":[{"embeddable":true,"href":"https:\/\/hyllancompany.com\/index.php\/wp-json\/wp\/v2\/media\/48494"}],"wp:attachment":[{"href":"https:\/\/hyllancompany.com\/index.php\/wp-json\/wp\/v2\/media?parent=48493"}],"wp:term":[{"taxonomy":"product_brand","embeddable":true,"href":"https:\/\/hyllancompany.com\/index.php\/wp-json\/wp\/v2\/product_brand?post=48493"},{"taxonomy":"product_cat","embeddable":true,"href":"https:\/\/hyllancompany.com\/index.php\/wp-json\/wp\/v2\/product_cat?post=48493"},{"taxonomy":"product_tag","embeddable":true,"href":"https:\/\/hyllancompany.com\/index.php\/wp-json\/wp\/v2\/product_tag?post=48493"}],"curies":[{"name":"wp","href":"https:\/\/api.w.org\/{rel}","templated":true}]}}